{"id":18941,"date":"2022-07-24T15:27:46","date_gmt":"2022-07-24T15:27:46","guid":{"rendered":"https:\/\/ibiza-yachts.com\/enumera-tu-yate\/"},"modified":"2025-03-18T18:04:55","modified_gmt":"2025-03-18T18:04:55","slug":"enumera-tu-yate","status":"publish","type":"page","link":"https:\/\/ibiza-yachts.com\/es\/enumera-tu-yate\/","title":{"rendered":"Enumera tu Yate"},"content":{"rendered":"\t\t<div data-elementor-type=\"wp-page\" data-elementor-id=\"18941\" class=\"elementor elementor-18941 elementor-2730\" data-elementor-post-type=\"page\">\n\t\t\t\t\t\t<section class=\"elementor-section elementor-top-section elementor-element elementor-element-53ed2e3 elementor-section-height-min-height elementor-section-items-bottom elementor-section-content-bottom elementor-section-boxed elementor-section-height-default\" data-id=\"53ed2e3\" data-element_type=\"section\" data-e-type=\"section\" data-settings=\"{&quot;background_background&quot;:&quot;classic&quot;}\">\n\t\t\t\t\t\t<div class=\"elementor-container elementor-column-gap-default\">\n\t\t\t\t\t<div class=\"elementor-column elementor-col-100 elementor-top-column elementor-element elementor-element-8dfd65e\" data-id=\"8dfd65e\" data-element_type=\"column\" data-e-type=\"column\">\n\t\t\t<div class=\"elementor-widget-wrap elementor-element-populated\">\n\t\t\t\t\t\t<div class=\"elementor-element elementor-element-91774e9 elementor-widget elementor-widget-heading\" data-id=\"91774e9\" data-element_type=\"widget\" data-e-type=\"widget\" data-widget_type=\"heading.default\">\n\t\t\t\t<div class=\"elementor-widget-container\">\n\t\t\t\t\t<h1 class=\"elementor-heading-title elementor-size-default\">Inscribir un yate<\/h1>\t\t\t\t<\/div>\n\t\t\t\t<\/div>\n\t\t\t\t\t<\/div>\n\t\t<\/div>\n\t\t\t\t\t<\/div>\n\t\t<\/section>\n\t\t\t\t<section class=\"elementor-section elementor-top-section elementor-element elementor-element-ffad5c6 elementor-section-boxed elementor-section-height-default elementor-section-height-default\" data-id=\"ffad5c6\" data-element_type=\"section\" data-e-type=\"section\">\n\t\t\t\t\t\t<div class=\"elementor-container elementor-column-gap-default\">\n\t\t\t\t\t<div class=\"elementor-column elementor-col-100 elementor-top-column elementor-element elementor-element-226545f\" data-id=\"226545f\" data-element_type=\"column\" data-e-type=\"column\">\n\t\t\t<div class=\"elementor-widget-wrap elementor-element-populated\">\n\t\t\t\t\t\t<div class=\"elementor-element elementor-element-37dcb49 elementor-widget elementor-widget-heading\" data-id=\"37dcb49\" data-element_type=\"widget\" data-e-type=\"widget\" data-widget_type=\"heading.default\">\n\t\t\t\t<div class=\"elementor-widget-container\">\n\t\t\t\t\t<h2 class=\"elementor-heading-title elementor-size-default\">Alquilar un yate<\/h2>\t\t\t\t<\/div>\n\t\t\t\t<\/div>\n\t\t\t\t<div class=\"elementor-element elementor-element-88ca499 elementor-widget elementor-widget-text-editor\" data-id=\"88ca499\" data-element_type=\"widget\" data-e-type=\"widget\" data-widget_type=\"text-editor.default\">\n\t\t\t\t<div class=\"elementor-widget-container\">\n\t\t\t\t\t\t\t\t\t<p>Monaco Boats es la mejor soluci\u00f3n para dar a conocer tu barco en el mercado ibicenco, a partir de 30&#8242;. Nuestros brokers expertos te acompa\u00f1ar\u00e1n en la creaci\u00f3n de todo el contenido de marketing, desde fotos, v\u00eddeos y visitas virtuales hasta la redacci\u00f3n de descripciones de nivel period\u00edstico. Nuestro s\u00f3lido marketing digital nos permite obtener una impresionante cantidad de clientes potenciales precalificados para tu barco y ofrecerte una selecci\u00f3n de posibles clientes. En colaboraci\u00f3n con tu gestor de yates, nuestro equipo organizar\u00e1 el calendario de yates para maximizar tus reservas y el uso personal de la embarcaci\u00f3n.     <\/p>\n\t\t\t\t\t\t\t\t<\/div>\n\t\t\t\t<\/div>\n\t\t\t\t\t<\/div>\n\t\t<\/div>\n\t\t\t\t\t<\/div>\n\t\t<\/section>\n\t\t\t\t<section class=\"elementor-section elementor-top-section elementor-element elementor-element-1ed6991 elementor-reverse-mobile elementor-section-boxed elementor-section-height-default elementor-section-height-default\" data-id=\"1ed6991\" data-element_type=\"section\" data-e-type=\"section\">\n\t\t\t\t\t\t<div class=\"elementor-container elementor-column-gap-default\">\n\t\t\t\t\t<div class=\"elementor-column elementor-col-50 elementor-top-column elementor-element elementor-element-37a1a14\" data-id=\"37a1a14\" data-element_type=\"column\" data-e-type=\"column\">\n\t\t\t<div class=\"elementor-widget-wrap elementor-element-populated\">\n\t\t\t\t\t\t<div class=\"elementor-element elementor-element-916268d elementor-widget elementor-widget-gallery\" data-id=\"916268d\" data-element_type=\"widget\" data-e-type=\"widget\" data-settings=\"{&quot;columns&quot;:2,&quot;gap&quot;:{&quot;unit&quot;:&quot;px&quot;,&quot;size&quot;:5,&quot;sizes&quot;:[]},&quot;lazyload&quot;:&quot;yes&quot;,&quot;gallery_layout&quot;:&quot;grid&quot;,&quot;columns_tablet&quot;:2,&quot;columns_mobile&quot;:1,&quot;gap_tablet&quot;:{&quot;unit&quot;:&quot;px&quot;,&quot;size&quot;:10,&quot;sizes&quot;:[]},&quot;gap_mobile&quot;:{&quot;unit&quot;:&quot;px&quot;,&quot;size&quot;:10,&quot;sizes&quot;:[]},&quot;link_to&quot;:&quot;file&quot;,&quot;aspect_ratio&quot;:&quot;3:2&quot;,&quot;overlay_background&quot;:&quot;yes&quot;,&quot;content_hover_animation&quot;:&quot;fade-in&quot;}\" data-widget_type=\"gallery.default\">\n\t\t\t\t<div class=\"elementor-widget-container\">\n\t\t\t\t\t\t\t<div class=\"elementor-gallery__container\">\n\t\t\t\t\t\t\t<a class=\"e-gallery-item elementor-gallery-item elementor-animated-content\" href=\"https:\/\/ibiza-yachts.com\/wp-content\/uploads\/2024\/04\/Sunseeker-115-for-charter-5.jpg\" data-elementor-open-lightbox=\"yes\" data-elementor-lightbox-slideshow=\"916268d\" data-e-action-hash=\"#elementor-action%3Aaction%3Dlightbox%26settings%3DeyJpZCI6MTg5NDYsInVybCI6Imh0dHBzOlwvXC9pYml6YS15YWNodHMuY29tXC93cC1jb250ZW50XC91cGxvYWRzXC8yMDI0XC8wNFwvU3Vuc2Vla2VyLTExNS1mb3ItY2hhcnRlci01LmpwZyIsInNsaWRlc2hvdyI6IjkxNjI2OGQifQ%3D%3D\">\n\t\t\t\t\t<div class=\"e-gallery-image elementor-gallery-item__image\" data-thumbnail=\"https:\/\/ibiza-yachts.com\/wp-content\/uploads\/2024\/04\/Sunseeker-115-for-charter-5-300x200.jpg\" data-width=\"300\" data-height=\"200\" aria-label=\"\" role=\"img\" ><\/div>\n\t\t\t\t\t\t\t\t\t\t\t<div class=\"elementor-gallery-item__overlay\"><\/div>\n\t\t\t\t\t\t\t\t\t\t\t\t\t\t<\/a>\n\t\t\t\t\t\t\t<a class=\"e-gallery-item elementor-gallery-item elementor-animated-content\" href=\"https:\/\/ibiza-yachts.com\/wp-content\/uploads\/2024\/04\/Sunseeker-115-for-charter-3.jpg\" data-elementor-open-lightbox=\"yes\" data-elementor-lightbox-slideshow=\"916268d\" data-e-action-hash=\"#elementor-action%3Aaction%3Dlightbox%26settings%3DeyJpZCI6MTg5NDUsInVybCI6Imh0dHBzOlwvXC9pYml6YS15YWNodHMuY29tXC93cC1jb250ZW50XC91cGxvYWRzXC8yMDI0XC8wNFwvU3Vuc2Vla2VyLTExNS1mb3ItY2hhcnRlci0zLmpwZyIsInNsaWRlc2hvdyI6IjkxNjI2OGQifQ%3D%3D\">\n\t\t\t\t\t<div class=\"e-gallery-image elementor-gallery-item__image\" data-thumbnail=\"https:\/\/ibiza-yachts.com\/wp-content\/uploads\/2024\/04\/Sunseeker-115-for-charter-3-300x200.jpg\" data-width=\"300\" data-height=\"200\" aria-label=\"\" role=\"img\" ><\/div>\n\t\t\t\t\t\t\t\t\t\t\t<div class=\"elementor-gallery-item__overlay\"><\/div>\n\t\t\t\t\t\t\t\t\t\t\t\t\t\t<\/a>\n\t\t\t\t\t\t\t<a class=\"e-gallery-item elementor-gallery-item elementor-animated-content\" href=\"https:\/\/ibiza-yachts.com\/wp-content\/uploads\/2024\/04\/Sunseeker-115-for-charter-4.jpg\" data-elementor-open-lightbox=\"yes\" data-elementor-lightbox-slideshow=\"916268d\" data-e-action-hash=\"#elementor-action%3Aaction%3Dlightbox%26settings%3DeyJpZCI6MTg5NDQsInVybCI6Imh0dHBzOlwvXC9pYml6YS15YWNodHMuY29tXC93cC1jb250ZW50XC91cGxvYWRzXC8yMDI0XC8wNFwvU3Vuc2Vla2VyLTExNS1mb3ItY2hhcnRlci00LmpwZyIsInNsaWRlc2hvdyI6IjkxNjI2OGQifQ%3D%3D\">\n\t\t\t\t\t<div class=\"e-gallery-image elementor-gallery-item__image\" data-thumbnail=\"https:\/\/ibiza-yachts.com\/wp-content\/uploads\/2024\/04\/Sunseeker-115-for-charter-4-300x200.jpg\" data-width=\"300\" data-height=\"200\" aria-label=\"\" role=\"img\" ><\/div>\n\t\t\t\t\t\t\t\t\t\t\t<div class=\"elementor-gallery-item__overlay\"><\/div>\n\t\t\t\t\t\t\t\t\t\t\t\t\t\t<\/a>\n\t\t\t\t\t\t\t<a class=\"e-gallery-item elementor-gallery-item elementor-animated-content\" href=\"https:\/\/ibiza-yachts.com\/wp-content\/uploads\/2024\/04\/Sunseeker-115-for-charter-1.jpg\" data-elementor-open-lightbox=\"yes\" data-elementor-lightbox-slideshow=\"916268d\" data-e-action-hash=\"#elementor-action%3Aaction%3Dlightbox%26settings%3DeyJpZCI6MTg5NDMsInVybCI6Imh0dHBzOlwvXC9pYml6YS15YWNodHMuY29tXC93cC1jb250ZW50XC91cGxvYWRzXC8yMDI0XC8wNFwvU3Vuc2Vla2VyLTExNS1mb3ItY2hhcnRlci0xLmpwZyIsInNsaWRlc2hvdyI6IjkxNjI2OGQifQ%3D%3D\">\n\t\t\t\t\t<div class=\"e-gallery-image elementor-gallery-item__image\" data-thumbnail=\"https:\/\/ibiza-yachts.com\/wp-content\/uploads\/2024\/04\/Sunseeker-115-for-charter-1-300x200.jpg\" data-width=\"300\" data-height=\"200\" aria-label=\"\" role=\"img\" ><\/div>\n\t\t\t\t\t\t\t\t\t\t\t<div class=\"elementor-gallery-item__overlay\"><\/div>\n\t\t\t\t\t\t\t\t\t\t\t\t\t\t<\/a>\n\t\t\t\t\t<\/div>\n\t\t\t\t\t<\/div>\n\t\t\t\t<\/div>\n\t\t\t\t\t<\/div>\n\t\t<\/div>\n\t\t\t\t<div class=\"elementor-column elementor-col-50 elementor-top-column elementor-element elementor-element-ad1228c\" data-id=\"ad1228c\" data-element_type=\"column\" data-e-type=\"column\">\n\t\t\t<div class=\"elementor-widget-wrap elementor-element-populated\">\n\t\t\t\t\t\t<div class=\"elementor-element elementor-element-13ac408 elementor-widget elementor-widget-heading\" data-id=\"13ac408\" data-element_type=\"widget\" data-e-type=\"widget\" data-widget_type=\"heading.default\">\n\t\t\t\t<div class=\"elementor-widget-container\">\n\t\t\t\t\t<h2 class=\"elementor-heading-title elementor-size-default\">CREACI\u00d3N DE CONTENIDOS<\/h2>\t\t\t\t<\/div>\n\t\t\t\t<\/div>\n\t\t\t\t<div class=\"elementor-element elementor-element-0750d77 elementor-widget elementor-widget-text-editor\" data-id=\"0750d77\" data-element_type=\"widget\" data-e-type=\"widget\" data-widget_type=\"text-editor.default\">\n\t\t\t\t<div class=\"elementor-widget-container\">\n\t\t\t\t\t\t\t\t\t<p>La Colecci\u00f3n S tiene acceso a los mejores fot\u00f3grafos y vide\u00f3grafos de Baleares. Nuestro equipo sol\u00eda trabajar tradicionalmente en grandes superyates y ahora queremos aportar nuestra gran experiencia al mercado de yates m\u00e1s peque\u00f1os. Crearemos contigo una colecci\u00f3n de tomas a\u00e9reas, de estilo de vida, interiores y exteriores del yate para promocionarlo a trav\u00e9s de diversas plataformas. Tambi\u00e9n podemos hacer un v\u00eddeo corto y una visita virtual para ofrecer a los clientes potenciales la mejor experiencia de tu embarcaci\u00f3n. Nuestros redactores son capaces de elaborar descripciones de yates de nivel period\u00edstico para captar perfectamente la esencia de tu bien m\u00e1s preciado.    &nbsp;<\/p>\n\t\t\t\t\t\t\t\t<\/div>\n\t\t\t\t<\/div>\n\t\t\t\t\t<\/div>\n\t\t<\/div>\n\t\t\t\t\t<\/div>\n\t\t<\/section>\n\t\t\t\t<section class=\"elementor-section elementor-top-section elementor-element elementor-element-9b92717 elementor-section-boxed elementor-section-height-default elementor-section-height-default\" data-id=\"9b92717\" data-element_type=\"section\" data-e-type=\"section\">\n\t\t\t\t\t\t<div class=\"elementor-container elementor-column-gap-default\">\n\t\t\t\t\t<div class=\"elementor-column elementor-col-50 elementor-top-column elementor-element elementor-element-d5eebbb\" data-id=\"d5eebbb\" data-element_type=\"column\" data-e-type=\"column\">\n\t\t\t<div class=\"elementor-widget-wrap elementor-element-populated\">\n\t\t\t\t\t\t<div class=\"elementor-element elementor-element-2c65571 elementor-widget elementor-widget-heading\" data-id=\"2c65571\" data-element_type=\"widget\" data-e-type=\"widget\" data-widget_type=\"heading.default\">\n\t\t\t\t<div class=\"elementor-widget-container\">\n\t\t\t\t\t<h2 class=\"elementor-heading-title elementor-size-default\">Marketing de yates<\/h2>\t\t\t\t<\/div>\n\t\t\t\t<\/div>\n\t\t\t\t<div class=\"elementor-element elementor-element-0c965de elementor-widget elementor-widget-text-editor\" data-id=\"0c965de\" data-element_type=\"widget\" data-e-type=\"widget\" data-widget_type=\"text-editor.default\">\n\t\t\t\t<div class=\"elementor-widget-container\">\n\t\t\t\t\t\t\t\t\t<p>Tras evaluar las posibilidades de precio de tu embarcaci\u00f3n y definir juntos un precio inicial de temporada alta y baja, a\u00f1adiremos la embarcaci\u00f3n a nuestro sitio web y la promocionaremos a trav\u00e9s de nuestros diversos canales digitales. Gracias al potente marketing digital, los sitios web de The S Collection re\u00fanen una gran cantidad de clientes potenciales, que nuestro equipo precalifica para ti y env\u00eda a tu gestor de yates para su aprobaci\u00f3n. Gracias a nuestro gran grupo de clientes habituales, somos capaces de ofrecer m\u00faltiples opciones para las semanas gratuitas de uso de tu yate.    <\/p>\n\t\t\t\t\t\t\t\t<\/div>\n\t\t\t\t<\/div>\n\t\t\t\t\t<\/div>\n\t\t<\/div>\n\t\t\t\t<div class=\"elementor-column elementor-col-50 elementor-top-column elementor-element elementor-element-7ac43f2\" data-id=\"7ac43f2\" data-element_type=\"column\" data-e-type=\"column\">\n\t\t\t<div class=\"elementor-widget-wrap elementor-element-populated\">\n\t\t\t\t\t\t<div class=\"elementor-element elementor-element-ae888c1 elementor-widget elementor-widget-image\" data-id=\"ae888c1\" data-element_type=\"widget\" data-e-type=\"widget\" data-widget_type=\"image.default\">\n\t\t\t\t<div class=\"elementor-widget-container\">\n\t\t\t\t\t\t\t\t\t\t\t\t\t\t\t<img fetchpriority=\"high\" decoding=\"async\" width=\"750\" height=\"561\" src=\"https:\/\/ibiza-yachts.com\/wp-content\/uploads\/2024\/04\/Yacht-Charter-Marketing-Monaco-768x574-1.png\" class=\"attachment-large size-large wp-image-18947\" alt=\"\" srcset=\"https:\/\/ibiza-yachts.com\/wp-content\/uploads\/2024\/04\/Yacht-Charter-Marketing-Monaco-768x574-1.png 768w, https:\/\/ibiza-yachts.com\/wp-content\/uploads\/2024\/04\/Yacht-Charter-Marketing-Monaco-768x574-1-300x224.png 300w\" sizes=\"(max-width: 750px) 100vw, 750px\" style=\"width:100%;height:74.74%;max-width:768px\" \/>\t\t\t\t\t\t\t\t\t\t\t\t\t\t\t<\/div>\n\t\t\t\t<\/div>\n\t\t\t\t\t<\/div>\n\t\t<\/div>\n\t\t\t\t\t<\/div>\n\t\t<\/section>\n\t\t\t\t<section class=\"elementor-section elementor-top-section elementor-element elementor-element-c01137e elementor-reverse-mobile elementor-section-boxed elementor-section-height-default elementor-section-height-default\" data-id=\"c01137e\" data-element_type=\"section\" data-e-type=\"section\">\n\t\t\t\t\t\t<div class=\"elementor-container elementor-column-gap-default\">\n\t\t\t\t\t<div class=\"elementor-column elementor-col-50 elementor-top-column elementor-element elementor-element-bb5a868\" data-id=\"bb5a868\" data-element_type=\"column\" data-e-type=\"column\">\n\t\t\t<div class=\"elementor-widget-wrap elementor-element-populated\">\n\t\t\t\t\t\t<div class=\"elementor-element elementor-element-fd270df elementor-widget elementor-widget-image\" data-id=\"fd270df\" data-element_type=\"widget\" data-e-type=\"widget\" data-widget_type=\"image.default\">\n\t\t\t\t<div class=\"elementor-widget-container\">\n\t\t\t\t\t\t\t\t\t\t\t\t\t\t\t<img decoding=\"async\" width=\"750\" height=\"500\" data-src=\"https:\/\/ibiza-yachts.com\/wp-content\/uploads\/2024\/04\/Sunseeker-115-for-charter-4-1024x683.jpg\" class=\"attachment-large size-large wp-image-18944 lazyload\" alt=\"\" data-srcset=\"https:\/\/ibiza-yachts.com\/wp-content\/uploads\/2024\/04\/Sunseeker-115-for-charter-4-1024x683.jpg 1024w, https:\/\/ibiza-yachts.com\/wp-content\/uploads\/2024\/04\/Sunseeker-115-for-charter-4-300x200.jpg 300w, https:\/\/ibiza-yachts.com\/wp-content\/uploads\/2024\/04\/Sunseeker-115-for-charter-4-768x512.jpg 768w, https:\/\/ibiza-yachts.com\/wp-content\/uploads\/2024\/04\/Sunseeker-115-for-charter-4-1536x1025.jpg 1536w, https:\/\/ibiza-yachts.com\/wp-content\/uploads\/2024\/04\/Sunseeker-115-for-charter-4-1568x1046.jpg 1568w, https:\/\/ibiza-yachts.com\/wp-content\/uploads\/2024\/04\/Sunseeker-115-for-charter-4.jpg 2000w\" data-sizes=\"(max-width: 750px) 100vw, 750px\" style=\"--smush-placeholder-width: 750px; --smush-placeholder-aspect-ratio: 750\/500;width:100%;height:66.7%;max-width:2000px\" src=\"data:image\/gif;base64,R0lGODlhAQABAAAAACH5BAEKAAEALAAAAAABAAEAAAICTAEAOw==\" \/>\t\t\t\t\t\t\t\t\t\t\t\t\t\t\t<\/div>\n\t\t\t\t<\/div>\n\t\t\t\t\t<\/div>\n\t\t<\/div>\n\t\t\t\t<div class=\"elementor-column elementor-col-50 elementor-top-column elementor-element elementor-element-88dfe42\" data-id=\"88dfe42\" data-element_type=\"column\" data-e-type=\"column\">\n\t\t\t<div class=\"elementor-widget-wrap elementor-element-populated\">\n\t\t\t\t\t\t<div class=\"elementor-element elementor-element-4d879fc elementor-widget elementor-widget-heading\" data-id=\"4d879fc\" data-element_type=\"widget\" data-e-type=\"widget\" data-widget_type=\"heading.default\">\n\t\t\t\t<div class=\"elementor-widget-container\">\n\t\t\t\t\t<h2 class=\"elementor-heading-title elementor-size-default\">Gesti\u00f3n de reservas<\/h2>\t\t\t\t<\/div>\n\t\t\t\t<\/div>\n\t\t\t\t<div class=\"elementor-element elementor-element-98cebeb elementor-widget elementor-widget-text-editor\" data-id=\"98cebeb\" data-element_type=\"widget\" data-e-type=\"widget\" data-widget_type=\"text-editor.default\">\n\t\t\t\t<div class=\"elementor-widget-container\">\n\t\t\t\t\t\t\t\t\t<p>El equipo de The S Collection te ayudar\u00e1 en la gesti\u00f3n de tu calendario de reservas, asegur\u00e1ndose de que puedas maximizar el uso del yate. Con una larga experiencia en el mercado del alquiler, nuestro equipo te aconsejar\u00e1 sobre qu\u00e9 reservas aceptar, denegar o negociar para garantizar que tu barco sea utilizado exclusivamente por los grupos que se ajusten a tus preferencias. <\/p>\n\t\t\t\t\t\t\t\t<\/div>\n\t\t\t\t<\/div>\n\t\t\t\t\t<\/div>\n\t\t<\/div>\n\t\t\t\t\t<\/div>\n\t\t<\/section>\n\t\t\t\t<section class=\"elementor-section elementor-top-section elementor-element elementor-element-29c80d3 elementor-section-boxed elementor-section-height-default elementor-section-height-default\" data-id=\"29c80d3\" data-element_type=\"section\" data-e-type=\"section\">\n\t\t\t\t\t\t<div class=\"elementor-container elementor-column-gap-default\">\n\t\t\t\t\t<div class=\"elementor-column elementor-col-100 elementor-top-column elementor-element elementor-element-311ab3f\" data-id=\"311ab3f\" data-element_type=\"column\" data-e-type=\"column\">\n\t\t\t<div class=\"elementor-widget-wrap elementor-element-populated\">\n\t\t\t\t\t\t<div class=\"elementor-element elementor-element-07000e3 elementor-widget elementor-widget-heading\" data-id=\"07000e3\" data-element_type=\"widget\" data-e-type=\"widget\" data-widget_type=\"heading.default\">\n\t\t\t\t<div class=\"elementor-widget-container\">\n\t\t\t\t\t<h2 class=\"elementor-heading-title elementor-size-default\">Conoce a nuestro equipo<\/h2>\t\t\t\t<\/div>\n\t\t\t\t<\/div>\n\t\t\t\t<div class=\"elementor-element elementor-element-0d10fc7 elementor-widget elementor-widget-text-editor\" data-id=\"0d10fc7\" data-element_type=\"widget\" data-e-type=\"widget\" data-widget_type=\"text-editor.default\">\n\t\t\t\t<div class=\"elementor-widget-container\">\n\t\t\t\t\t\t\t\t\t<p>Ponte en contacto con nuestros expertos para descubrir c\u00f3mo nuestro equipo puede ayudarte con la comercializaci\u00f3n de tu barco y aportar alquileres de calidad para compensar los costes de uno de tus activos m\u00e1s valiosos.<\/p>\n\t\t\t\t\t\t\t\t<\/div>\n\t\t\t\t<\/div>\n\t\t\t\t<div class=\"elementor-element elementor-element-ff1b2c2 elementor-button-align-stretch elementor-widget elementor-widget-form\" data-id=\"ff1b2c2\" data-element_type=\"widget\" data-e-type=\"widget\" data-settings=\"{&quot;step_next_label&quot;:&quot;Siguiente&quot;,&quot;step_previous_label&quot;:&quot;Anterior&quot;,&quot;button_width&quot;:&quot;100&quot;,&quot;step_type&quot;:&quot;number_text&quot;,&quot;step_icon_shape&quot;:&quot;circle&quot;}\" data-widget_type=\"form.default\">\n\t\t\t\t<div class=\"elementor-widget-container\">\n\t\t\t\t\t\t\t<form class=\"elementor-form\" method=\"post\" name=\"Nuevo formulario\">\n\t\t\t<input type=\"hidden\" name=\"post_id\" value=\"18941\"\/>\n\t\t\t<input type=\"hidden\" name=\"form_id\" value=\"ff1b2c2\"\/>\n\t\t\t<input type=\"hidden\" name=\"referer_title\" value=\"Ibiza Yachts\" \/>\n\n\t\t\t\n\t\t\t<div class=\"elementor-form-fields-wrapper elementor-labels-above\">\n\t\t\t\t\t\t\t\t<div class=\"elementor-field-type-text elementor-field-group elementor-column elementor-field-group-name elementor-col-50\">\n\t\t\t\t\t\t\t\t\t\t\t\t<label for=\"form-field-name\" class=\"elementor-field-label\">\n\t\t\t\t\t\t\t\tNombre\t\t\t\t\t\t\t<\/label>\n\t\t\t\t\t\t\t\t\t\t\t\t\t\t<input size=\"1\" type=\"text\" name=\"form_fields[name]\" id=\"form-field-name\" class=\"elementor-field elementor-size-sm  elementor-field-textual\">\n\t\t\t\t\t\t\t\t\t\t\t<\/div>\n\t\t\t\t\t\t\t\t<div class=\"elementor-field-type-text elementor-field-group elementor-column elementor-field-group-field_2b582b1 elementor-col-50\">\n\t\t\t\t\t\t\t\t\t\t\t\t<label for=\"form-field-field_2b582b1\" class=\"elementor-field-label\">\n\t\t\t\t\t\t\t\tApellidos\t\t\t\t\t\t\t<\/label>\n\t\t\t\t\t\t\t\t\t\t\t\t\t\t<input size=\"1\" type=\"text\" name=\"form_fields[field_2b582b1]\" id=\"form-field-field_2b582b1\" class=\"elementor-field elementor-size-sm  elementor-field-textual\">\n\t\t\t\t\t\t\t\t\t\t\t<\/div>\n\t\t\t\t\t\t\t\t<div class=\"elementor-field-type-email elementor-field-group elementor-column elementor-field-group-email elementor-col-100 elementor-field-required\">\n\t\t\t\t\t\t\t\t\t\t\t\t<label for=\"form-field-email\" class=\"elementor-field-label\">\n\t\t\t\t\t\t\t\tEnv\u00eda un correo electr\u00f3nico a\t\t\t\t\t\t\t<\/label>\n\t\t\t\t\t\t\t\t\t\t\t\t\t\t<input size=\"1\" type=\"email\" name=\"form_fields[email]\" id=\"form-field-email\" class=\"elementor-field elementor-size-sm  elementor-field-textual\" required=\"required\">\n\t\t\t\t\t\t\t\t\t\t\t<\/div>\n\t\t\t\t\t\t\t\t<div class=\"elementor-field-type-tel elementor-field-group elementor-column elementor-field-group-field_de8e573 elementor-col-100 elementor-field-required\">\n\t\t\t\t\t\t\t\t\t\t\t\t<label for=\"form-field-field_de8e573\" class=\"elementor-field-label\">\n\t\t\t\t\t\t\t\tTel\t\t\t\t\t\t\t<\/label>\n\t\t\t\t\t\t\t\t<input size=\"1\" type=\"tel\" name=\"form_fields[field_de8e573]\" id=\"form-field-field_de8e573\" class=\"elementor-field elementor-size-sm  elementor-field-textual\" required=\"required\" pattern=\"[0-9()#&amp;+*-=.]+\" title=\"Solo se aceptan n\u00fameros y caracteres de tel\u00e9fono (#,-,*,etc).\">\n\n\t\t\t\t\t\t<\/div>\n\t\t\t\t\t\t\t\t<div class=\"elementor-field-type-textarea elementor-field-group elementor-column elementor-field-group-message elementor-col-100\">\n\t\t\t\t\t\t\t\t\t\t\t\t<label for=\"form-field-message\" class=\"elementor-field-label\">\n\t\t\t\t\t\t\t\tMensaje\t\t\t\t\t\t\t<\/label>\n\t\t\t\t\t\t<textarea class=\"elementor-field-textual elementor-field  elementor-size-sm\" name=\"form_fields[message]\" id=\"form-field-message\" rows=\"4\" placeholder=\"Estoy pensando en alquilar mi barco, \u00bfpuedes ponerte en contacto conmigo?  \"><\/textarea>\t\t\t\t<\/div>\n\t\t\t\t\t\t\t\t<div class=\"elementor-field-group elementor-column elementor-field-type-submit elementor-col-100 e-form__buttons\">\n\t\t\t\t\t<button class=\"elementor-button elementor-size-sm\" type=\"submit\">\n\t\t\t\t\t\t<span class=\"elementor-button-content-wrapper\">\n\t\t\t\t\t\t\t\t\t\t\t\t\t\t\t\t\t\t\t\t\t\t<span class=\"elementor-button-text\">CONSULTAR<\/span>\n\t\t\t\t\t\t\t\t\t\t\t\t\t<\/span>\n\t\t\t\t\t<\/button>\n\t\t\t\t<\/div>\n\t\t\t<\/div>\n\t\t<\/form>\n\t\t\t\t\t\t<\/div>\n\t\t\t\t<\/div>\n\t\t\t\t\t<\/div>\n\t\t<\/div>\n\t\t\t\t\t<\/div>\n\t\t<\/section>\n\t\t\t\t<\/div>\n\t\t","protected":false},"excerpt":{"rendered":"<p>Inscribir un yate Alquilar un yate Ibiza Yachts es la mejor soluci\u00f3n para dar a conocer tu barco en el mercado ibicenco, a partir de 30&#8242;. Nuestros brokers expertos te acompa\u00f1ar\u00e1n en la creaci\u00f3n de todo el contenido de marketing, desde fotos, v\u00eddeos y visitas virtuales hasta la redacci\u00f3n de descripciones de nivel period\u00edstico. Nuestro&hellip; <a class=\"more-link\" href=\"https:\/\/ibiza-yachts.com\/es\/enumera-tu-yate\/\">Seguir leyendo <span class=\"screen-reader-text\">Enumera tu Yate<\/span><\/a><\/p>\n","protected":false},"author":3,"featured_media":18950,"parent":0,"menu_order":0,"comment_status":"closed","ping_status":"closed","template":"elementor_header_footer","meta":{"_acf_changed":false,"footnotes":""},"class_list":["post-18941","page","type-page","status-publish","has-post-thumbnail","hentry","entry"],"acf":[],"yoast_head":"<!-- This site is optimized with the Yoast SEO plugin v27.4 - https:\/\/yoast.com\/product\/yoast-seo-wordpress\/ -->\n<title>Yacht Charter Marketing Ibiza - Ibiza Yachts<\/title>\n<meta name=\"description\" content=\"Inf\u00f3rmate sobre nuestros agentes y deja que comercialicen tu yate de alquiler en Ibiza y Baleares.\" \/>\n<meta name=\"robots\" content=\"index, follow, max-snippet:-1, max-image-preview:large, max-video-preview:-1\" \/>\n<link rel=\"canonical\" href=\"https:\/\/ibiza-yachts.com\/es\/enumera-tu-yate\/\" \/>\n<meta property=\"og:locale\" content=\"es_ES\" \/>\n<meta property=\"og:type\" content=\"article\" \/>\n<meta property=\"og:title\" content=\"Yacht Charter Marketing Ibiza - Ibiza Yachts\" \/>\n<meta property=\"og:description\" content=\"Inf\u00f3rmate sobre nuestros agentes y deja que comercialicen tu yate de alquiler en Ibiza y Baleares.\" \/>\n<meta property=\"og:url\" content=\"https:\/\/ibiza-yachts.com\/es\/enumera-tu-yate\/\" \/>\n<meta property=\"og:site_name\" content=\"Ibiza Yachts\" \/>\n<meta property=\"article:modified_time\" content=\"2025-03-18T18:04:55+00:00\" \/>\n<meta property=\"og:image\" content=\"https:\/\/ibiza-yachts.com\/wp-content\/uploads\/2022\/02\/Monaco-Boats-for-Rent.jpg\" \/>\n\t<meta property=\"og:image:width\" content=\"2000\" \/>\n\t<meta property=\"og:image:height\" content=\"1334\" \/>\n\t<meta property=\"og:image:type\" content=\"image\/jpeg\" \/>\n<meta name=\"twitter:card\" content=\"summary_large_image\" \/>\n<meta name=\"twitter:label1\" content=\"Tiempo de lectura\" \/>\n\t<meta name=\"twitter:data1\" content=\"2 minutos\" \/>\n<script type=\"application\/ld+json\" class=\"yoast-schema-graph\">{\"@context\":\"https:\\\/\\\/schema.org\",\"@graph\":[{\"@type\":\"WebPage\",\"@id\":\"https:\\\/\\\/ibiza-yachts.com\\\/es\\\/enumera-tu-yate\\\/\",\"url\":\"https:\\\/\\\/ibiza-yachts.com\\\/es\\\/enumera-tu-yate\\\/\",\"name\":\"Yacht Charter Marketing Ibiza - Ibiza Yachts\",\"isPartOf\":{\"@id\":\"https:\\\/\\\/ibiza-yachts.com\\\/es\\\/#website\"},\"primaryImageOfPage\":{\"@id\":\"https:\\\/\\\/ibiza-yachts.com\\\/es\\\/enumera-tu-yate\\\/#primaryimage\"},\"image\":{\"@id\":\"https:\\\/\\\/ibiza-yachts.com\\\/es\\\/enumera-tu-yate\\\/#primaryimage\"},\"thumbnailUrl\":\"https:\\\/\\\/ibiza-yachts.com\\\/wp-content\\\/uploads\\\/2022\\\/02\\\/Monaco-Boats-for-Rent.jpg\",\"datePublished\":\"2022-07-24T15:27:46+00:00\",\"dateModified\":\"2025-03-18T18:04:55+00:00\",\"description\":\"Inf\u00f3rmate sobre nuestros agentes y deja que comercialicen tu yate de alquiler en Ibiza y Baleares.\",\"breadcrumb\":{\"@id\":\"https:\\\/\\\/ibiza-yachts.com\\\/es\\\/enumera-tu-yate\\\/#breadcrumb\"},\"inLanguage\":\"es\",\"potentialAction\":[{\"@type\":\"ReadAction\",\"target\":[\"https:\\\/\\\/ibiza-yachts.com\\\/es\\\/enumera-tu-yate\\\/\"]}]},{\"@type\":\"ImageObject\",\"inLanguage\":\"es\",\"@id\":\"https:\\\/\\\/ibiza-yachts.com\\\/es\\\/enumera-tu-yate\\\/#primaryimage\",\"url\":\"https:\\\/\\\/ibiza-yachts.com\\\/wp-content\\\/uploads\\\/2022\\\/02\\\/Monaco-Boats-for-Rent.jpg\",\"contentUrl\":\"https:\\\/\\\/ibiza-yachts.com\\\/wp-content\\\/uploads\\\/2022\\\/02\\\/Monaco-Boats-for-Rent.jpg\",\"width\":2000,\"height\":1334},{\"@type\":\"BreadcrumbList\",\"@id\":\"https:\\\/\\\/ibiza-yachts.com\\\/es\\\/enumera-tu-yate\\\/#breadcrumb\",\"itemListElement\":[{\"@type\":\"ListItem\",\"position\":1,\"name\":\"Home\",\"item\":\"https:\\\/\\\/ibiza-yachts.com\\\/es\\\/\"},{\"@type\":\"ListItem\",\"position\":2,\"name\":\"Enumera tu Yate\"}]},{\"@type\":\"WebSite\",\"@id\":\"https:\\\/\\\/ibiza-yachts.com\\\/es\\\/#website\",\"url\":\"https:\\\/\\\/ibiza-yachts.com\\\/es\\\/\",\"name\":\"Ibiza Yachts\",\"description\":\"Ibiza Yachts for Charter\",\"publisher\":{\"@id\":\"https:\\\/\\\/ibiza-yachts.com\\\/es\\\/#organization\"},\"potentialAction\":[{\"@type\":\"SearchAction\",\"target\":{\"@type\":\"EntryPoint\",\"urlTemplate\":\"https:\\\/\\\/ibiza-yachts.com\\\/es\\\/?s={search_term_string}\"},\"query-input\":{\"@type\":\"PropertyValueSpecification\",\"valueRequired\":true,\"valueName\":\"search_term_string\"}}],\"inLanguage\":\"es\"},{\"@type\":\"Organization\",\"@id\":\"https:\\\/\\\/ibiza-yachts.com\\\/es\\\/#organization\",\"name\":\"Ibiza Yachts\",\"url\":\"https:\\\/\\\/ibiza-yachts.com\\\/es\\\/\",\"logo\":{\"@type\":\"ImageObject\",\"inLanguage\":\"es\",\"@id\":\"https:\\\/\\\/ibiza-yachts.com\\\/es\\\/#\\\/schema\\\/logo\\\/image\\\/\",\"url\":\"https:\\\/\\\/ibiza-yachts.com\\\/wp-content\\\/uploads\\\/2022\\\/01\\\/Cannes-Villa-Logo.jpg\",\"contentUrl\":\"https:\\\/\\\/ibiza-yachts.com\\\/wp-content\\\/uploads\\\/2022\\\/01\\\/Cannes-Villa-Logo.jpg\",\"width\":1704,\"height\":1704,\"caption\":\"Ibiza Yachts\"},\"image\":{\"@id\":\"https:\\\/\\\/ibiza-yachts.com\\\/es\\\/#\\\/schema\\\/logo\\\/image\\\/\"}}]}<\/script>\n<!-- \/ Yoast SEO plugin. -->","yoast_head_json":{"title":"Yacht Charter Marketing Ibiza - Ibiza Yachts","description":"Inf\u00f3rmate sobre nuestros agentes y deja que comercialicen tu yate de alquiler en Ibiza y Baleares.","robots":{"index":"index","follow":"follow","max-snippet":"max-snippet:-1","max-image-preview":"max-image-preview:large","max-video-preview":"max-video-preview:-1"},"canonical":"https:\/\/ibiza-yachts.com\/es\/enumera-tu-yate\/","og_locale":"es_ES","og_type":"article","og_title":"Yacht Charter Marketing Ibiza - Ibiza Yachts","og_description":"Inf\u00f3rmate sobre nuestros agentes y deja que comercialicen tu yate de alquiler en Ibiza y Baleares.","og_url":"https:\/\/ibiza-yachts.com\/es\/enumera-tu-yate\/","og_site_name":"Ibiza Yachts","article_modified_time":"2025-03-18T18:04:55+00:00","og_image":[{"width":2000,"height":1334,"url":"https:\/\/ibiza-yachts.com\/wp-content\/uploads\/2022\/02\/Monaco-Boats-for-Rent.jpg","type":"image\/jpeg"}],"twitter_card":"summary_large_image","twitter_misc":{"Tiempo de lectura":"2 minutos"},"schema":{"@context":"https:\/\/schema.org","@graph":[{"@type":"WebPage","@id":"https:\/\/ibiza-yachts.com\/es\/enumera-tu-yate\/","url":"https:\/\/ibiza-yachts.com\/es\/enumera-tu-yate\/","name":"Yacht Charter Marketing Ibiza - Ibiza Yachts","isPartOf":{"@id":"https:\/\/ibiza-yachts.com\/es\/#website"},"primaryImageOfPage":{"@id":"https:\/\/ibiza-yachts.com\/es\/enumera-tu-yate\/#primaryimage"},"image":{"@id":"https:\/\/ibiza-yachts.com\/es\/enumera-tu-yate\/#primaryimage"},"thumbnailUrl":"https:\/\/ibiza-yachts.com\/wp-content\/uploads\/2022\/02\/Monaco-Boats-for-Rent.jpg","datePublished":"2022-07-24T15:27:46+00:00","dateModified":"2025-03-18T18:04:55+00:00","description":"Inf\u00f3rmate sobre nuestros agentes y deja que comercialicen tu yate de alquiler en Ibiza y Baleares.","breadcrumb":{"@id":"https:\/\/ibiza-yachts.com\/es\/enumera-tu-yate\/#breadcrumb"},"inLanguage":"es","potentialAction":[{"@type":"ReadAction","target":["https:\/\/ibiza-yachts.com\/es\/enumera-tu-yate\/"]}]},{"@type":"ImageObject","inLanguage":"es","@id":"https:\/\/ibiza-yachts.com\/es\/enumera-tu-yate\/#primaryimage","url":"https:\/\/ibiza-yachts.com\/wp-content\/uploads\/2022\/02\/Monaco-Boats-for-Rent.jpg","contentUrl":"https:\/\/ibiza-yachts.com\/wp-content\/uploads\/2022\/02\/Monaco-Boats-for-Rent.jpg","width":2000,"height":1334},{"@type":"BreadcrumbList","@id":"https:\/\/ibiza-yachts.com\/es\/enumera-tu-yate\/#breadcrumb","itemListElement":[{"@type":"ListItem","position":1,"name":"Home","item":"https:\/\/ibiza-yachts.com\/es\/"},{"@type":"ListItem","position":2,"name":"Enumera tu Yate"}]},{"@type":"WebSite","@id":"https:\/\/ibiza-yachts.com\/es\/#website","url":"https:\/\/ibiza-yachts.com\/es\/","name":"Ibiza Yachts","description":"Ibiza Yachts for Charter","publisher":{"@id":"https:\/\/ibiza-yachts.com\/es\/#organization"},"potentialAction":[{"@type":"SearchAction","target":{"@type":"EntryPoint","urlTemplate":"https:\/\/ibiza-yachts.com\/es\/?s={search_term_string}"},"query-input":{"@type":"PropertyValueSpecification","valueRequired":true,"valueName":"search_term_string"}}],"inLanguage":"es"},{"@type":"Organization","@id":"https:\/\/ibiza-yachts.com\/es\/#organization","name":"Ibiza Yachts","url":"https:\/\/ibiza-yachts.com\/es\/","logo":{"@type":"ImageObject","inLanguage":"es","@id":"https:\/\/ibiza-yachts.com\/es\/#\/schema\/logo\/image\/","url":"https:\/\/ibiza-yachts.com\/wp-content\/uploads\/2022\/01\/Cannes-Villa-Logo.jpg","contentUrl":"https:\/\/ibiza-yachts.com\/wp-content\/uploads\/2022\/01\/Cannes-Villa-Logo.jpg","width":1704,"height":1704,"caption":"Ibiza Yachts"},"image":{"@id":"https:\/\/ibiza-yachts.com\/es\/#\/schema\/logo\/image\/"}}]}},"distributor_meta":false,"distributor_terms":false,"distributor_media":false,"distributor_original_site_name":"Ibiza Yachts","distributor_original_site_url":"https:\/\/ibiza-yachts.com\/es\/","push-errors":false,"_links":{"self":[{"href":"https:\/\/ibiza-yachts.com\/es\/wp-json\/wp\/v2\/pages\/18941","targetHints":{"allow":["GET"]}}],"collection":[{"href":"https:\/\/ibiza-yachts.com\/es\/wp-json\/wp\/v2\/pages"}],"about":[{"href":"https:\/\/ibiza-yachts.com\/es\/wp-json\/wp\/v2\/types\/page"}],"author":[{"embeddable":true,"href":"https:\/\/ibiza-yachts.com\/es\/wp-json\/wp\/v2\/users\/3"}],"replies":[{"embeddable":true,"href":"https:\/\/ibiza-yachts.com\/es\/wp-json\/wp\/v2\/comments?post=18941"}],"version-history":[{"count":0,"href":"https:\/\/ibiza-yachts.com\/es\/wp-json\/wp\/v2\/pages\/18941\/revisions"}],"wp:featuredmedia":[{"embeddable":true,"href":"https:\/\/ibiza-yachts.com\/es\/wp-json\/wp\/v2\/media\/18950"}],"wp:attachment":[{"href":"https:\/\/ibiza-yachts.com\/es\/wp-json\/wp\/v2\/media?parent=18941"}],"curies":[{"name":"wp","href":"https:\/\/api.w.org\/{rel}","templated":true}]}}