{"id":11113,"date":"2023-07-10T15:01:30","date_gmt":"2023-07-10T15:01:30","guid":{"rendered":"https:\/\/ibiza-yachts.com\/pardo\/"},"modified":"2025-10-10T15:40:11","modified_gmt":"2025-10-10T15:40:11","slug":"pardo","status":"publish","type":"page","link":"https:\/\/ibiza-yachts.com\/fr\/pardo\/","title":{"rendered":"Pardo"},"content":{"rendered":"\t\t<div data-elementor-type=\"wp-page\" data-elementor-id=\"11113\" class=\"elementor elementor-11113 elementor-3551\" data-elementor-post-type=\"page\">\n\t\t\t\t\t\t<section class=\"elementor-section elementor-top-section elementor-element elementor-element-b7e567a elementor-section-height-min-height elementor-section-items-bottom elementor-section-content-bottom elementor-section-boxed elementor-section-height-default\" data-id=\"b7e567a\" data-element_type=\"section\" data-e-type=\"section\" data-settings=\"{&quot;background_background&quot;:&quot;classic&quot;}\">\n\t\t\t\t\t\t<div class=\"elementor-container elementor-column-gap-default\">\n\t\t\t\t\t<div class=\"elementor-column elementor-col-100 elementor-top-column elementor-element elementor-element-a2b1923\" data-id=\"a2b1923\" data-element_type=\"column\" data-e-type=\"column\">\n\t\t\t<div class=\"elementor-widget-wrap elementor-element-populated\">\n\t\t\t\t\t\t<div class=\"elementor-element elementor-element-6a8a18f elementor-widget elementor-widget-heading\" data-id=\"6a8a18f\" data-element_type=\"widget\" data-e-type=\"widget\" data-widget_type=\"heading.default\">\n\t\t\t\t<div class=\"elementor-widget-container\">\n\t\t\t\t\t<h1 class=\"elementor-heading-title elementor-size-default\">Pardo<\/h1>\t\t\t\t<\/div>\n\t\t\t\t<\/div>\n\t\t\t\t\t<\/div>\n\t\t<\/div>\n\t\t\t\t\t<\/div>\n\t\t<\/section>\n\t\t\t\t<section class=\"elementor-section elementor-top-section elementor-element elementor-element-9da68ef elementor-section-boxed elementor-section-height-default elementor-section-height-default\" data-id=\"9da68ef\" data-element_type=\"section\" data-e-type=\"section\">\n\t\t\t\t\t\t<div class=\"elementor-container elementor-column-gap-default\">\n\t\t\t\t\t<div class=\"elementor-column elementor-col-100 elementor-top-column elementor-element elementor-element-6726422\" data-id=\"6726422\" data-element_type=\"column\" data-e-type=\"column\">\n\t\t\t<div class=\"elementor-widget-wrap elementor-element-populated\">\n\t\t\t\t\t\t<div class=\"elementor-element elementor-element-61f4c80 elementor-widget elementor-widget-heading\" data-id=\"61f4c80\" data-element_type=\"widget\" data-e-type=\"widget\" data-widget_type=\"heading.default\">\n\t\t\t\t<div class=\"elementor-widget-container\">\n\t\t\t\t\t<h2 class=\"elementor-heading-title elementor-size-default\">Pardo \u00e0 louer \u00e0 Ibiza<\/h2>\t\t\t\t<\/div>\n\t\t\t\t<\/div>\n\t\t\t\t<div class=\"elementor-element elementor-element-f341bd7 elementor-widget elementor-widget-text-editor\" data-id=\"f341bd7\" data-element_type=\"widget\" data-e-type=\"widget\" data-widget_type=\"text-editor.default\">\n\t\t\t\t<div class=\"elementor-widget-container\">\n\t\t\t\t\t\t\t\t\t<p>Situ\u00e9 dans la vibrante marina d&rsquo;Ibiza, Pardo Yachts offre une exp\u00e9rience de location de yacht de luxe in\u00e9gal\u00e9e, id\u00e9ale pour ceux qui souhaitent explorer l&rsquo;allure dynamique des \u00eeles Bal\u00e9ares. Notre flotte de yachts Pardo \u00e0 louer illustre le summum de l&rsquo;artisanat italien. De l&rsquo;\u00e9l\u00e9gant Pardo 38 au magnifique Pardo 50, nos yachts se caract\u00e9risent par des conceptions ouvertes \u00e0 l&rsquo;ext\u00e9rieur qui combinent de hautes performances avec des am\u00e9nagements innovants et de vastes ponts &#8211; parfaits pour les r\u00e9unions sociales ou pour se laisser aller \u00e0 une solitude paisible. Chaque yacht est dot\u00e9 d&rsquo;un \u00e9quipage complet compos\u00e9 de professionnels exp\u00e9riment\u00e9s qui veillent \u00e0 ce que le voyage se d\u00e9roule en toute s\u00e9curit\u00e9, sans heurt et en toute s\u00e9r\u00e9nit\u00e9. Que vous fassiez du shopping dans les eaux claires de la M\u00e9diterran\u00e9e ou que vous admiriez les magnifiques couchers de soleil d&rsquo;Ibiza, la location d&rsquo;un yacht Pardo vous promet une aventure m\u00e9morable dans un cadre luxueux.    <\/p>\t\t\t\t\t\t\t\t<\/div>\n\t\t\t\t<\/div>\n\t\t\t\t\t<\/div>\n\t\t<\/div>\n\t\t\t\t\t<\/div>\n\t\t<\/section>\n\t\t\t\t<section class=\"elementor-section elementor-top-section elementor-element elementor-element-70decb7 elementor-section-boxed elementor-section-height-default elementor-section-height-default\" data-id=\"70decb7\" data-element_type=\"section\" data-e-type=\"section\">\n\t\t\t\t\t\t<div class=\"elementor-container elementor-column-gap-default\">\n\t\t\t\t\t<div class=\"elementor-column elementor-col-100 elementor-top-column elementor-element elementor-element-8a6d6c1\" data-id=\"8a6d6c1\" data-element_type=\"column\" data-e-type=\"column\">\n\t\t\t<div class=\"elementor-widget-wrap elementor-element-populated\">\n\t\t\t\t\t\t<div class=\"elementor-element elementor-element-f5b93a2 elementor-widget elementor-widget-heading\" data-id=\"f5b93a2\" data-element_type=\"widget\" data-e-type=\"widget\" data-widget_type=\"heading.default\">\n\t\t\t\t<div class=\"elementor-widget-container\">\n\t\t\t\t\t<h3 class=\"elementor-heading-title elementor-size-default\">Ibiza Pardo Charter<\/h3>\t\t\t\t<\/div>\n\t\t\t\t<\/div>\n\t\t\t\t<div class=\"elementor-element elementor-element-1341b27 elementor-widget elementor-widget-text-editor\" data-id=\"1341b27\" data-element_type=\"widget\" data-e-type=\"widget\" data-widget_type=\"text-editor.default\">\n\t\t\t\t<div class=\"elementor-widget-container\">\n\t\t\t\t\t\t\t\t\t<p>Parcourez notre s\u00e9lection des meilleurs bateaux Pardo \u00e0 louer \u00e0 Ibiza :<\/p>\t\t\t\t\t\t\t\t<\/div>\n\t\t\t\t<\/div>\n\t\t\t\t<div class=\"elementor-element elementor-element-99103da elementor-posts--align-center elementor-grid-3 elementor-grid-tablet-2 elementor-grid-mobile-1 elementor-posts--thumbnail-top elementor-card-shadow-yes elementor-posts__hover-gradient elementor-widget elementor-widget-posts\" data-id=\"99103da\" data-element_type=\"widget\" data-e-type=\"widget\" data-settings=\"{&quot;cards_masonry&quot;:&quot;yes&quot;,&quot;cards_columns&quot;:&quot;3&quot;,&quot;cards_columns_tablet&quot;:&quot;2&quot;,&quot;cards_columns_mobile&quot;:&quot;1&quot;,&quot;cards_row_gap&quot;:{&quot;unit&quot;:&quot;px&quot;,&quot;size&quot;:35,&quot;sizes&quot;:[]},&quot;cards_row_gap_tablet&quot;:{&quot;unit&quot;:&quot;px&quot;,&quot;size&quot;:&quot;&quot;,&quot;sizes&quot;:[]},&quot;cards_row_gap_mobile&quot;:{&quot;unit&quot;:&quot;px&quot;,&quot;size&quot;:&quot;&quot;,&quot;sizes&quot;:[]}}\" data-widget_type=\"posts.cards\">\n\t\t\t\t<div class=\"elementor-widget-container\">\n\t\t\t\t\t\t\t<div class=\"elementor-posts-container elementor-posts elementor-posts--skin-cards elementor-grid\">\n\t\t\t\t<article class=\"elementor-post elementor-grid-item post-15892 yachts type-yachts status-publish has-post-thumbnail hentry category-uncategorized tag-featured broker-oliver entry\">\n\t\t\t<div class=\"elementor-post__card\">\n\t\t\t\t<a class=\"elementor-post__thumbnail__link\" href=\"https:\/\/ibiza-yachts.com\/fr\/rentals\/pardo-50\/\" tabindex=\"-1\" ><div class=\"elementor-post__thumbnail\"><img fetchpriority=\"high\" decoding=\"async\" width=\"750\" height=\"500\" src=\"https:\/\/ibiza-yachts.com\/wp-content\/uploads\/2024\/09\/Pardo-50-14-768x512.jpeg\" class=\"attachment-medium_large size-medium_large wp-image-15941\" alt=\"\" srcset=\"https:\/\/ibiza-yachts.com\/wp-content\/uploads\/2024\/09\/Pardo-50-14-768x512.jpeg 768w, https:\/\/ibiza-yachts.com\/wp-content\/uploads\/2024\/09\/Pardo-50-14-300x200.jpeg 300w, https:\/\/ibiza-yachts.com\/wp-content\/uploads\/2024\/09\/Pardo-50-14-1024x683.jpeg 1024w, https:\/\/ibiza-yachts.com\/wp-content\/uploads\/2024\/09\/Pardo-50-14.jpeg 1080w\" sizes=\"(max-width: 750px) 100vw, 750px\" style=\"width:100%;height:66.67%;max-width:1080px;\" \/><\/div><\/a>\n\t\t\t\t<div class=\"elementor-post__text\">\n\t\t\t\t<h3 class=\"elementor-post__title\">\n\t\t\t<a href=\"https:\/\/ibiza-yachts.com\/fr\/rentals\/pardo-50\/\" >\n\t\t\t\tPardo 50\t\t\t<\/a>\n\t\t<\/h3>\n\t\t\t\t<div class=\"elementor-post__excerpt\">\n\t\t\t<p>16m &#8211; Pardo &#8211; \u20ac3,530<\/p>\n\t\t<\/div>\n\t\t\t\t<\/div>\n\t\t\t\t\t<\/div>\n\t\t<\/article>\n\t\t\t\t<\/div>\n\t\t\n\t\t\t\t\t\t<\/div>\n\t\t\t\t<\/div>\n\t\t\t\t\t<\/div>\n\t\t<\/div>\n\t\t\t\t\t<\/div>\n\t\t<\/section>\n\t\t\t\t<\/div>\n\t\t","protected":false},"excerpt":{"rendered":"<p>Pardo Pardo \u00e0 louer \u00e0 Ibiza Situ\u00e9 dans la vibrante marina d&rsquo;Ibiza, Pardo Yachts offre une exp\u00e9rience de location de yacht de luxe in\u00e9gal\u00e9e, id\u00e9ale pour ceux qui souhaitent explorer l&rsquo;allure dynamique des \u00eeles Bal\u00e9ares. Notre flotte de yachts Pardo \u00e0 louer illustre le summum de l&rsquo;artisanat italien. De l&rsquo;\u00e9l\u00e9gant Pardo 38 au magnifique Pardo&hellip; <a class=\"more-link\" href=\"https:\/\/ibiza-yachts.com\/fr\/rentals\/pardo-50\/\">Poursuivre la lecture <span class=\"screen-reader-text\">Pardo 50<\/span><\/a><\/p>\n","protected":false},"author":3,"featured_media":9712,"parent":0,"menu_order":0,"comment_status":"closed","ping_status":"closed","template":"elementor_header_footer","meta":{"_acf_changed":false,"footnotes":""},"class_list":["post-11113","page","type-page","status-publish","has-post-thumbnail","hentry","entry"],"acf":[],"yoast_head":"<!-- This site is optimized with the Yoast SEO plugin v27.4 - https:\/\/yoast.com\/product\/yoast-seo-wordpress\/ -->\n<title>Pardo \u00e0 louer \u00e0 Ibiza - Location de Pardo \u00e0 Ibiza - Ibiza Yachts<\/title>\n<meta name=\"description\" content=\"Montez \u00e0 bord d&#039;un Pardo embl\u00e9matique \u00e0 Ibiza ! Parcourez notre s\u00e9lection de Pardo \u00e0 louer \u00e0 Ibiza et embarquez pour une croisi\u00e8re de luxe.\" \/>\n<meta name=\"robots\" content=\"index, follow, max-snippet:-1, max-image-preview:large, max-video-preview:-1\" \/>\n<link rel=\"canonical\" href=\"https:\/\/ibiza-yachts.com\/fr\/pardo\/\" \/>\n<meta property=\"og:locale\" content=\"fr_FR\" \/>\n<meta property=\"og:type\" content=\"article\" \/>\n<meta property=\"og:title\" content=\"Pardo \u00e0 louer \u00e0 Ibiza - Location de Pardo \u00e0 Ibiza - Ibiza Yachts\" \/>\n<meta property=\"og:description\" content=\"Montez \u00e0 bord d&#039;un Pardo embl\u00e9matique \u00e0 Ibiza ! Parcourez notre s\u00e9lection de Pardo \u00e0 louer \u00e0 Ibiza et embarquez pour une croisi\u00e8re de luxe.\" \/>\n<meta property=\"og:url\" content=\"https:\/\/ibiza-yachts.com\/fr\/pardo\/\" \/>\n<meta property=\"og:site_name\" content=\"Ibiza Yachts\" \/>\n<meta property=\"article:modified_time\" content=\"2025-10-10T15:40:11+00:00\" \/>\n<meta property=\"og:image\" content=\"https:\/\/ibiza-yachts.com\/wp-content\/uploads\/2023\/04\/Pardo-38-for-rent-6.jpeg\" \/>\n\t<meta property=\"og:image:width\" content=\"1215\" \/>\n\t<meta property=\"og:image:height\" content=\"810\" \/>\n\t<meta property=\"og:image:type\" content=\"image\/jpeg\" \/>\n<meta name=\"twitter:card\" content=\"summary_large_image\" \/>\n<meta name=\"twitter:label1\" content=\"Dur\u00e9e de lecture estim\u00e9e\" \/>\n\t<meta name=\"twitter:data1\" content=\"1 minute\" \/>\n<script type=\"application\/ld+json\" class=\"yoast-schema-graph\">{\"@context\":\"https:\\\/\\\/schema.org\",\"@graph\":[{\"@type\":\"WebPage\",\"@id\":\"https:\\\/\\\/ibiza-yachts.com\\\/fr\\\/pardo\\\/\",\"url\":\"https:\\\/\\\/ibiza-yachts.com\\\/fr\\\/pardo\\\/\",\"name\":\"Pardo \u00e0 louer \u00e0 Ibiza - Location de Pardo \u00e0 Ibiza - Ibiza Yachts\",\"isPartOf\":{\"@id\":\"https:\\\/\\\/ibiza-yachts.com\\\/fr\\\/#website\"},\"primaryImageOfPage\":{\"@id\":\"https:\\\/\\\/ibiza-yachts.com\\\/fr\\\/pardo\\\/#primaryimage\"},\"image\":{\"@id\":\"https:\\\/\\\/ibiza-yachts.com\\\/fr\\\/pardo\\\/#primaryimage\"},\"thumbnailUrl\":\"https:\\\/\\\/ibiza-yachts.com\\\/wp-content\\\/uploads\\\/2023\\\/04\\\/Pardo-38-for-rent-6.jpeg\",\"datePublished\":\"2023-07-10T15:01:30+00:00\",\"dateModified\":\"2025-10-10T15:40:11+00:00\",\"description\":\"Montez \u00e0 bord d'un Pardo embl\u00e9matique \u00e0 Ibiza ! Parcourez notre s\u00e9lection de Pardo \u00e0 louer \u00e0 Ibiza et embarquez pour une croisi\u00e8re de luxe.\",\"breadcrumb\":{\"@id\":\"https:\\\/\\\/ibiza-yachts.com\\\/fr\\\/pardo\\\/#breadcrumb\"},\"inLanguage\":\"fr-FR\",\"potentialAction\":[{\"@type\":\"ReadAction\",\"target\":[\"https:\\\/\\\/ibiza-yachts.com\\\/fr\\\/pardo\\\/\"]}]},{\"@type\":\"ImageObject\",\"inLanguage\":\"fr-FR\",\"@id\":\"https:\\\/\\\/ibiza-yachts.com\\\/fr\\\/pardo\\\/#primaryimage\",\"url\":\"https:\\\/\\\/ibiza-yachts.com\\\/wp-content\\\/uploads\\\/2023\\\/04\\\/Pardo-38-for-rent-6.jpeg\",\"contentUrl\":\"https:\\\/\\\/ibiza-yachts.com\\\/wp-content\\\/uploads\\\/2023\\\/04\\\/Pardo-38-for-rent-6.jpeg\",\"width\":1215,\"height\":810},{\"@type\":\"BreadcrumbList\",\"@id\":\"https:\\\/\\\/ibiza-yachts.com\\\/fr\\\/pardo\\\/#breadcrumb\",\"itemListElement\":[{\"@type\":\"ListItem\",\"position\":1,\"name\":\"Home\",\"item\":\"https:\\\/\\\/ibiza-yachts.com\\\/fr\\\/\"},{\"@type\":\"ListItem\",\"position\":2,\"name\":\"Pardo\"}]},{\"@type\":\"WebSite\",\"@id\":\"https:\\\/\\\/ibiza-yachts.com\\\/fr\\\/#website\",\"url\":\"https:\\\/\\\/ibiza-yachts.com\\\/fr\\\/\",\"name\":\"Ibiza Yachts\",\"description\":\"Ibiza Yachts for Charter\",\"publisher\":{\"@id\":\"https:\\\/\\\/ibiza-yachts.com\\\/fr\\\/#organization\"},\"potentialAction\":[{\"@type\":\"SearchAction\",\"target\":{\"@type\":\"EntryPoint\",\"urlTemplate\":\"https:\\\/\\\/ibiza-yachts.com\\\/fr\\\/?s={search_term_string}\"},\"query-input\":{\"@type\":\"PropertyValueSpecification\",\"valueRequired\":true,\"valueName\":\"search_term_string\"}}],\"inLanguage\":\"fr-FR\"},{\"@type\":\"Organization\",\"@id\":\"https:\\\/\\\/ibiza-yachts.com\\\/fr\\\/#organization\",\"name\":\"Ibiza Yachts\",\"url\":\"https:\\\/\\\/ibiza-yachts.com\\\/fr\\\/\",\"logo\":{\"@type\":\"ImageObject\",\"inLanguage\":\"fr-FR\",\"@id\":\"https:\\\/\\\/ibiza-yachts.com\\\/fr\\\/#\\\/schema\\\/logo\\\/image\\\/\",\"url\":\"https:\\\/\\\/ibiza-yachts.com\\\/wp-content\\\/uploads\\\/2022\\\/01\\\/Cannes-Villa-Logo.jpg\",\"contentUrl\":\"https:\\\/\\\/ibiza-yachts.com\\\/wp-content\\\/uploads\\\/2022\\\/01\\\/Cannes-Villa-Logo.jpg\",\"width\":1704,\"height\":1704,\"caption\":\"Ibiza Yachts\"},\"image\":{\"@id\":\"https:\\\/\\\/ibiza-yachts.com\\\/fr\\\/#\\\/schema\\\/logo\\\/image\\\/\"}}]}<\/script>\n<!-- \/ Yoast SEO plugin. -->","yoast_head_json":{"title":"Pardo \u00e0 louer \u00e0 Ibiza - Location de Pardo \u00e0 Ibiza - Ibiza Yachts","description":"Montez \u00e0 bord d'un Pardo embl\u00e9matique \u00e0 Ibiza ! Parcourez notre s\u00e9lection de Pardo \u00e0 louer \u00e0 Ibiza et embarquez pour une croisi\u00e8re de luxe.","robots":{"index":"index","follow":"follow","max-snippet":"max-snippet:-1","max-image-preview":"max-image-preview:large","max-video-preview":"max-video-preview:-1"},"canonical":"https:\/\/ibiza-yachts.com\/fr\/pardo\/","og_locale":"fr_FR","og_type":"article","og_title":"Pardo \u00e0 louer \u00e0 Ibiza - Location de Pardo \u00e0 Ibiza - Ibiza Yachts","og_description":"Montez \u00e0 bord d'un Pardo embl\u00e9matique \u00e0 Ibiza ! Parcourez notre s\u00e9lection de Pardo \u00e0 louer \u00e0 Ibiza et embarquez pour une croisi\u00e8re de luxe.","og_url":"https:\/\/ibiza-yachts.com\/fr\/pardo\/","og_site_name":"Ibiza Yachts","article_modified_time":"2025-10-10T15:40:11+00:00","og_image":[{"width":1215,"height":810,"url":"https:\/\/ibiza-yachts.com\/wp-content\/uploads\/2023\/04\/Pardo-38-for-rent-6.jpeg","type":"image\/jpeg"}],"twitter_card":"summary_large_image","twitter_misc":{"Dur\u00e9e de lecture estim\u00e9e":"1 minute"},"schema":{"@context":"https:\/\/schema.org","@graph":[{"@type":"WebPage","@id":"https:\/\/ibiza-yachts.com\/fr\/pardo\/","url":"https:\/\/ibiza-yachts.com\/fr\/pardo\/","name":"Pardo \u00e0 louer \u00e0 Ibiza - Location de Pardo \u00e0 Ibiza - Ibiza Yachts","isPartOf":{"@id":"https:\/\/ibiza-yachts.com\/fr\/#website"},"primaryImageOfPage":{"@id":"https:\/\/ibiza-yachts.com\/fr\/pardo\/#primaryimage"},"image":{"@id":"https:\/\/ibiza-yachts.com\/fr\/pardo\/#primaryimage"},"thumbnailUrl":"https:\/\/ibiza-yachts.com\/wp-content\/uploads\/2023\/04\/Pardo-38-for-rent-6.jpeg","datePublished":"2023-07-10T15:01:30+00:00","dateModified":"2025-10-10T15:40:11+00:00","description":"Montez \u00e0 bord d'un Pardo embl\u00e9matique \u00e0 Ibiza ! Parcourez notre s\u00e9lection de Pardo \u00e0 louer \u00e0 Ibiza et embarquez pour une croisi\u00e8re de luxe.","breadcrumb":{"@id":"https:\/\/ibiza-yachts.com\/fr\/pardo\/#breadcrumb"},"inLanguage":"fr-FR","potentialAction":[{"@type":"ReadAction","target":["https:\/\/ibiza-yachts.com\/fr\/pardo\/"]}]},{"@type":"ImageObject","inLanguage":"fr-FR","@id":"https:\/\/ibiza-yachts.com\/fr\/pardo\/#primaryimage","url":"https:\/\/ibiza-yachts.com\/wp-content\/uploads\/2023\/04\/Pardo-38-for-rent-6.jpeg","contentUrl":"https:\/\/ibiza-yachts.com\/wp-content\/uploads\/2023\/04\/Pardo-38-for-rent-6.jpeg","width":1215,"height":810},{"@type":"BreadcrumbList","@id":"https:\/\/ibiza-yachts.com\/fr\/pardo\/#breadcrumb","itemListElement":[{"@type":"ListItem","position":1,"name":"Home","item":"https:\/\/ibiza-yachts.com\/fr\/"},{"@type":"ListItem","position":2,"name":"Pardo"}]},{"@type":"WebSite","@id":"https:\/\/ibiza-yachts.com\/fr\/#website","url":"https:\/\/ibiza-yachts.com\/fr\/","name":"Ibiza Yachts","description":"Ibiza Yachts for Charter","publisher":{"@id":"https:\/\/ibiza-yachts.com\/fr\/#organization"},"potentialAction":[{"@type":"SearchAction","target":{"@type":"EntryPoint","urlTemplate":"https:\/\/ibiza-yachts.com\/fr\/?s={search_term_string}"},"query-input":{"@type":"PropertyValueSpecification","valueRequired":true,"valueName":"search_term_string"}}],"inLanguage":"fr-FR"},{"@type":"Organization","@id":"https:\/\/ibiza-yachts.com\/fr\/#organization","name":"Ibiza Yachts","url":"https:\/\/ibiza-yachts.com\/fr\/","logo":{"@type":"ImageObject","inLanguage":"fr-FR","@id":"https:\/\/ibiza-yachts.com\/fr\/#\/schema\/logo\/image\/","url":"https:\/\/ibiza-yachts.com\/wp-content\/uploads\/2022\/01\/Cannes-Villa-Logo.jpg","contentUrl":"https:\/\/ibiza-yachts.com\/wp-content\/uploads\/2022\/01\/Cannes-Villa-Logo.jpg","width":1704,"height":1704,"caption":"Ibiza Yachts"},"image":{"@id":"https:\/\/ibiza-yachts.com\/fr\/#\/schema\/logo\/image\/"}}]}},"distributor_meta":false,"distributor_terms":false,"distributor_media":false,"distributor_original_site_name":"Ibiza Yachts","distributor_original_site_url":"https:\/\/ibiza-yachts.com\/fr\/","push-errors":false,"_links":{"self":[{"href":"https:\/\/ibiza-yachts.com\/fr\/wp-json\/wp\/v2\/pages\/11113","targetHints":{"allow":["GET"]}}],"collection":[{"href":"https:\/\/ibiza-yachts.com\/fr\/wp-json\/wp\/v2\/pages"}],"about":[{"href":"https:\/\/ibiza-yachts.com\/fr\/wp-json\/wp\/v2\/types\/page"}],"author":[{"embeddable":true,"href":"https:\/\/ibiza-yachts.com\/fr\/wp-json\/wp\/v2\/users\/3"}],"replies":[{"embeddable":true,"href":"https:\/\/ibiza-yachts.com\/fr\/wp-json\/wp\/v2\/comments?post=11113"}],"version-history":[{"count":0,"href":"https:\/\/ibiza-yachts.com\/fr\/wp-json\/wp\/v2\/pages\/11113\/revisions"}],"wp:featuredmedia":[{"embeddable":true,"href":"https:\/\/ibiza-yachts.com\/fr\/wp-json\/wp\/v2\/media\/9712"}],"wp:attachment":[{"href":"https:\/\/ibiza-yachts.com\/fr\/wp-json\/wp\/v2\/media?parent=11113"}],"curies":[{"name":"wp","href":"https:\/\/api.w.org\/{rel}","templated":true}]}}