{"id":11117,"date":"2023-11-11T10:02:54","date_gmt":"2023-11-11T10:02:54","guid":{"rendered":"https:\/\/ibiza-yachts.com\/appel-doffres\/"},"modified":"2025-10-10T15:39:43","modified_gmt":"2025-10-10T15:39:43","slug":"appel-doffres","status":"publish","type":"page","link":"https:\/\/ibiza-yachts.com\/fr\/appel-doffres\/","title":{"rendered":"Tenders"},"content":{"rendered":"\t\t<div data-elementor-type=\"wp-page\" data-elementor-id=\"11117\" class=\"elementor elementor-11117 elementor-3789\" data-elementor-post-type=\"page\">\n\t\t\t\t\t\t<section class=\"elementor-section elementor-top-section elementor-element elementor-element-b7e567a elementor-section-height-min-height elementor-section-items-bottom elementor-section-content-bottom elementor-section-boxed elementor-section-height-default\" data-id=\"b7e567a\" data-element_type=\"section\" data-e-type=\"section\" data-settings=\"{&quot;background_background&quot;:&quot;classic&quot;}\">\n\t\t\t\t\t\t<div class=\"elementor-container elementor-column-gap-default\">\n\t\t\t\t\t<div class=\"elementor-column elementor-col-100 elementor-top-column elementor-element elementor-element-a2b1923\" data-id=\"a2b1923\" data-element_type=\"column\" data-e-type=\"column\">\n\t\t\t<div class=\"elementor-widget-wrap elementor-element-populated\">\n\t\t\t\t\t\t<div class=\"elementor-element elementor-element-6a8a18f elementor-widget elementor-widget-heading\" data-id=\"6a8a18f\" data-element_type=\"widget\" data-e-type=\"widget\" data-widget_type=\"heading.default\">\n\t\t\t\t<div class=\"elementor-widget-container\">\n\t\t\t\t\t<h2 class=\"elementor-heading-title elementor-size-default\">Annexe de superyacht<\/h2>\t\t\t\t<\/div>\n\t\t\t\t<\/div>\n\t\t\t\t\t<\/div>\n\t\t<\/div>\n\t\t\t\t\t<\/div>\n\t\t<\/section>\n\t\t\t\t<section class=\"elementor-section elementor-top-section elementor-element elementor-element-9da68ef elementor-section-boxed elementor-section-height-default elementor-section-height-default\" data-id=\"9da68ef\" data-element_type=\"section\" data-e-type=\"section\">\n\t\t\t\t\t\t<div class=\"elementor-container elementor-column-gap-default\">\n\t\t\t\t\t<div class=\"elementor-column elementor-col-100 elementor-top-column elementor-element elementor-element-6726422\" data-id=\"6726422\" data-element_type=\"column\" data-e-type=\"column\">\n\t\t\t<div class=\"elementor-widget-wrap elementor-element-populated\">\n\t\t\t\t\t\t<div class=\"elementor-element elementor-element-61f4c80 elementor-widget elementor-widget-heading\" data-id=\"61f4c80\" data-element_type=\"widget\" data-e-type=\"widget\" data-widget_type=\"heading.default\">\n\t\t\t\t<div class=\"elementor-widget-container\">\n\t\t\t\t\t<h1 class=\"elementor-heading-title elementor-size-default\">Superyacht Tenders \u00e0 louer \u00e0 Ibiza<\/h1>\t\t\t\t<\/div>\n\t\t\t\t<\/div>\n\t\t\t\t<div class=\"elementor-element elementor-element-f341bd7 elementor-widget elementor-widget-text-editor\" data-id=\"f341bd7\" data-element_type=\"widget\" data-e-type=\"widget\" data-widget_type=\"text-editor.default\">\n\t\t\t\t<div class=\"elementor-widget-container\">\n\t\t\t\t\t\t\t\t\t<p>Dans le monde glamour et nautique d&rsquo;Ibiza, la location d&rsquo;annexes de superyachts offre un moyen unique et luxueux de d\u00e9couvrir l&rsquo;attrait marin de la M\u00e9diterran\u00e9e. R\u00e9pondant aux besoins d&rsquo;une communaut\u00e9 de plaisanciers exigeants, notre gamme d&rsquo;annexes de superyachts \u00e0 louer allie haute performance, \u00e9l\u00e9gance et sophistication.  Ces navires sont con\u00e7us pour assurer un transport fluide entre les majestueux superyachts et les zones c\u00f4ti\u00e8res anim\u00e9es d&rsquo;Ibiza, garantissant ainsi un voyage sans heurts et \u00e9l\u00e9gant. Chaque annexe de notre collection est une merveille d&rsquo;ing\u00e9nierie marine, dot\u00e9e d&rsquo;une technologie de pointe, d&rsquo;un design \u00e9pur\u00e9 et d&rsquo;\u00e9quipements luxueux qui garantissent confort et s\u00e9curit\u00e9. Qu&rsquo;il s&rsquo;agisse d&rsquo;explorer des baies isol\u00e9es, d&rsquo;arriver dans des clubs de plage exclusifs ou simplement de profiter d&rsquo;une journ\u00e9e sur les eaux \u00e9tincelantes de la M\u00e9diterran\u00e9e, ces annexes offrent un niveau de commodit\u00e9 et de luxe in\u00e9gal\u00e9.<\/p>\t\t\t\t\t\t\t\t<\/div>\n\t\t\t\t<\/div>\n\t\t\t\t\t<\/div>\n\t\t<\/div>\n\t\t\t\t\t<\/div>\n\t\t<\/section>\n\t\t\t\t<section class=\"elementor-section elementor-top-section elementor-element elementor-element-70decb7 elementor-section-boxed elementor-section-height-default elementor-section-height-default\" data-id=\"70decb7\" data-element_type=\"section\" data-e-type=\"section\">\n\t\t\t\t\t\t<div class=\"elementor-container elementor-column-gap-default\">\n\t\t\t\t\t<div class=\"elementor-column elementor-col-100 elementor-top-column elementor-element elementor-element-8a6d6c1\" data-id=\"8a6d6c1\" data-element_type=\"column\" data-e-type=\"column\">\n\t\t\t<div class=\"elementor-widget-wrap elementor-element-populated\">\n\t\t\t\t\t\t<div class=\"elementor-element elementor-element-f5b93a2 elementor-widget elementor-widget-heading\" data-id=\"f5b93a2\" data-element_type=\"widget\" data-e-type=\"widget\" data-widget_type=\"heading.default\">\n\t\t\t\t<div class=\"elementor-widget-container\">\n\t\t\t\t\t<h3 class=\"elementor-heading-title elementor-size-default\">Superyacht Tenders \u00e0 louer \u00e0 Ibiza<\/h3>\t\t\t\t<\/div>\n\t\t\t\t<\/div>\n\t\t\t\t<div class=\"elementor-element elementor-element-1341b27 elementor-widget elementor-widget-text-editor\" data-id=\"1341b27\" data-element_type=\"widget\" data-e-type=\"widget\" data-widget_type=\"text-editor.default\">\n\t\t\t\t<div class=\"elementor-widget-container\">\n\t\t\t\t\t\t\t\t\t<p>Parcourez notre s\u00e9lection des plus beaux tenders \u00e0 affr\u00e9ter \u00e0 Ibiza :<\/p>\t\t\t\t\t\t\t\t<\/div>\n\t\t\t\t<\/div>\n\t\t\t\t<div class=\"elementor-element elementor-element-99103da elementor-posts--align-center elementor-grid-3 elementor-grid-tablet-2 elementor-grid-mobile-1 elementor-posts--thumbnail-top elementor-card-shadow-yes elementor-posts__hover-gradient elementor-widget elementor-widget-posts\" data-id=\"99103da\" data-element_type=\"widget\" data-e-type=\"widget\" data-settings=\"{&quot;cards_masonry&quot;:&quot;yes&quot;,&quot;cards_columns&quot;:&quot;3&quot;,&quot;cards_columns_tablet&quot;:&quot;2&quot;,&quot;cards_columns_mobile&quot;:&quot;1&quot;,&quot;cards_row_gap&quot;:{&quot;unit&quot;:&quot;px&quot;,&quot;size&quot;:35,&quot;sizes&quot;:[]},&quot;cards_row_gap_tablet&quot;:{&quot;unit&quot;:&quot;px&quot;,&quot;size&quot;:&quot;&quot;,&quot;sizes&quot;:[]},&quot;cards_row_gap_mobile&quot;:{&quot;unit&quot;:&quot;px&quot;,&quot;size&quot;:&quot;&quot;,&quot;sizes&quot;:[]}}\" data-widget_type=\"posts.cards\">\n\t\t\t\t<div class=\"elementor-widget-container\">\n\t\t\t\t\t\t\t<div class=\"elementor-posts-container elementor-posts elementor-posts--skin-cards elementor-grid\">\n\t\t\t\t<article class=\"elementor-post elementor-grid-item post-14505 yachts type-yachts status-publish has-post-thumbnail hentry category-uncategorized category-sport-boat category-tender tag-crew tag-featured broker-oliver entry\">\n\t\t\t<div class=\"elementor-post__card\">\n\t\t\t\t<a class=\"elementor-post__thumbnail__link\" href=\"https:\/\/ibiza-yachts.com\/fr\/rentals\/vandutch-40-2\/\" tabindex=\"-1\" ><div class=\"elementor-post__thumbnail\"><img fetchpriority=\"high\" decoding=\"async\" width=\"750\" height=\"499\" src=\"https:\/\/ibiza-yachts.com\/wp-content\/uploads\/2024\/04\/MAJESTIC-VAN-DUTCH-40_page-0001-e1713209966699-768x511.png\" class=\"attachment-medium_large size-medium_large wp-image-14507\" alt=\"\" srcset=\"https:\/\/ibiza-yachts.com\/wp-content\/uploads\/2024\/04\/MAJESTIC-VAN-DUTCH-40_page-0001-e1713209966699-768x511.png 768w, https:\/\/ibiza-yachts.com\/wp-content\/uploads\/2024\/04\/MAJESTIC-VAN-DUTCH-40_page-0001-e1713209966699-300x200.png 300w, https:\/\/ibiza-yachts.com\/wp-content\/uploads\/2024\/04\/MAJESTIC-VAN-DUTCH-40_page-0001-e1713209966699-1024x682.png 1024w, https:\/\/ibiza-yachts.com\/wp-content\/uploads\/2024\/04\/MAJESTIC-VAN-DUTCH-40_page-0001-e1713209966699-1536x1022.png 1536w, https:\/\/ibiza-yachts.com\/wp-content\/uploads\/2024\/04\/MAJESTIC-VAN-DUTCH-40_page-0001-e1713209966699-1568x1044.png 1568w, https:\/\/ibiza-yachts.com\/wp-content\/uploads\/2024\/04\/MAJESTIC-VAN-DUTCH-40_page-0001-e1713209966699.png 1690w\" sizes=\"(max-width: 750px) 100vw, 750px\" style=\"width:100%;height:66.57%;max-width:1690px;\" \/><\/div><\/a>\n\t\t\t\t<div class=\"elementor-post__text\">\n\t\t\t\t<h3 class=\"elementor-post__title\">\n\t\t\t<a href=\"https:\/\/ibiza-yachts.com\/fr\/rentals\/vandutch-40-2\/\" >\n\t\t\t\tVandutch 40\t\t\t<\/a>\n\t\t<\/h3>\n\t\t\t\t<div class=\"elementor-post__excerpt\">\n\t\t\t<p>12m \u2013 Vandutch \u2013 \u20ac1,600<\/p>\n\t\t<\/div>\n\t\t\t\t<\/div>\n\t\t\t\t\t<\/div>\n\t\t<\/article>\n\t\t\t\t<\/div>\n\t\t\n\t\t\t\t\t\t<\/div>\n\t\t\t\t<\/div>\n\t\t\t\t\t<\/div>\n\t\t<\/div>\n\t\t\t\t\t<\/div>\n\t\t<\/section>\n\t\t\t\t<\/div>\n\t\t","protected":false},"excerpt":{"rendered":"<p>Annexe de superyacht Superyacht Tenders \u00e0 louer \u00e0 Ibiza Dans le monde glamour et nautique d&rsquo;Ibiza, la location d&rsquo;annexes de superyachts offre un moyen unique et luxueux de d\u00e9couvrir l&rsquo;attrait marin de la M\u00e9diterran\u00e9e. R\u00e9pondant aux besoins d&rsquo;une communaut\u00e9 de plaisanciers exigeants, notre gamme d&rsquo;annexes de superyachts \u00e0 louer allie haute performance, \u00e9l\u00e9gance et sophistication.&hellip; <a class=\"more-link\" href=\"https:\/\/ibiza-yachts.com\/fr\/rentals\/vandutch-40-2\/\">Poursuivre la lecture <span class=\"screen-reader-text\">Vandutch 40<\/span><\/a><\/p>\n","protected":false},"author":3,"featured_media":10111,"parent":0,"menu_order":0,"comment_status":"closed","ping_status":"closed","template":"elementor_header_footer","meta":{"_acf_changed":false,"footnotes":""},"class_list":["post-11117","page","type-page","status-publish","has-post-thumbnail","hentry","entry"],"acf":[],"yoast_head":"<!-- This site is optimized with the Yoast SEO plugin v27.4 - https:\/\/yoast.com\/product\/yoast-seo-wordpress\/ -->\n<title>Superyacht Tenders \u00e0 louer \u00e0 St Tropez -% Ibiza Yachts.<\/title>\n<meta name=\"description\" content=\"Location de Superyacht Tenders \u00e0 St Tropez pour la journ\u00e9e ! Parcourez nos tenders \u00e0 louer \u00e0 St Tropez et embarquez pour une croisi\u00e8re de luxe.\" \/>\n<meta name=\"robots\" content=\"index, follow, max-snippet:-1, max-image-preview:large, max-video-preview:-1\" \/>\n<link rel=\"canonical\" href=\"https:\/\/ibiza-yachts.com\/fr\/appel-doffres\/\" \/>\n<meta property=\"og:locale\" content=\"fr_FR\" \/>\n<meta property=\"og:type\" content=\"article\" \/>\n<meta property=\"og:title\" content=\"Superyacht Tenders \u00e0 louer \u00e0 St Tropez -% Ibiza Yachts.\" \/>\n<meta property=\"og:description\" content=\"Location de Superyacht Tenders \u00e0 St Tropez pour la journ\u00e9e ! Parcourez nos tenders \u00e0 louer \u00e0 St Tropez et embarquez pour une croisi\u00e8re de luxe.\" \/>\n<meta property=\"og:url\" content=\"https:\/\/ibiza-yachts.com\/fr\/appel-doffres\/\" \/>\n<meta property=\"og:site_name\" content=\"Ibiza Yachts\" \/>\n<meta property=\"article:modified_time\" content=\"2025-10-10T15:39:43+00:00\" \/>\n<meta property=\"og:image\" content=\"https:\/\/ibiza-yachts.com\/wp-content\/uploads\/2022\/02\/Wajer-38S-in-St-Tropez-1.jpeg\" \/>\n\t<meta property=\"og:image:width\" content=\"720\" \/>\n\t<meta property=\"og:image:height\" content=\"480\" \/>\n\t<meta property=\"og:image:type\" content=\"image\/jpeg\" \/>\n<meta name=\"twitter:card\" content=\"summary_large_image\" \/>\n<meta name=\"twitter:label1\" content=\"Dur\u00e9e de lecture estim\u00e9e\" \/>\n\t<meta name=\"twitter:data1\" content=\"1 minute\" \/>\n<script type=\"application\/ld+json\" class=\"yoast-schema-graph\">{\"@context\":\"https:\\\/\\\/schema.org\",\"@graph\":[{\"@type\":\"WebPage\",\"@id\":\"https:\\\/\\\/ibiza-yachts.com\\\/fr\\\/appel-doffres\\\/\",\"url\":\"https:\\\/\\\/ibiza-yachts.com\\\/fr\\\/appel-doffres\\\/\",\"name\":\"Superyacht Tenders \u00e0 louer \u00e0 St Tropez -% Ibiza Yachts.\",\"isPartOf\":{\"@id\":\"https:\\\/\\\/ibiza-yachts.com\\\/fr\\\/#website\"},\"primaryImageOfPage\":{\"@id\":\"https:\\\/\\\/ibiza-yachts.com\\\/fr\\\/appel-doffres\\\/#primaryimage\"},\"image\":{\"@id\":\"https:\\\/\\\/ibiza-yachts.com\\\/fr\\\/appel-doffres\\\/#primaryimage\"},\"thumbnailUrl\":\"https:\\\/\\\/ibiza-yachts.com\\\/wp-content\\\/uploads\\\/2022\\\/02\\\/Wajer-38S-in-St-Tropez-1.jpeg\",\"datePublished\":\"2023-11-11T10:02:54+00:00\",\"dateModified\":\"2025-10-10T15:39:43+00:00\",\"description\":\"Location de Superyacht Tenders \u00e0 St Tropez pour la journ\u00e9e ! Parcourez nos tenders \u00e0 louer \u00e0 St Tropez et embarquez pour une croisi\u00e8re de luxe.\",\"breadcrumb\":{\"@id\":\"https:\\\/\\\/ibiza-yachts.com\\\/fr\\\/appel-doffres\\\/#breadcrumb\"},\"inLanguage\":\"fr-FR\",\"potentialAction\":[{\"@type\":\"ReadAction\",\"target\":[\"https:\\\/\\\/ibiza-yachts.com\\\/fr\\\/appel-doffres\\\/\"]}]},{\"@type\":\"ImageObject\",\"inLanguage\":\"fr-FR\",\"@id\":\"https:\\\/\\\/ibiza-yachts.com\\\/fr\\\/appel-doffres\\\/#primaryimage\",\"url\":\"https:\\\/\\\/ibiza-yachts.com\\\/wp-content\\\/uploads\\\/2022\\\/02\\\/Wajer-38S-in-St-Tropez-1.jpeg\",\"contentUrl\":\"https:\\\/\\\/ibiza-yachts.com\\\/wp-content\\\/uploads\\\/2022\\\/02\\\/Wajer-38S-in-St-Tropez-1.jpeg\",\"width\":720,\"height\":480},{\"@type\":\"BreadcrumbList\",\"@id\":\"https:\\\/\\\/ibiza-yachts.com\\\/fr\\\/appel-doffres\\\/#breadcrumb\",\"itemListElement\":[{\"@type\":\"ListItem\",\"position\":1,\"name\":\"Home\",\"item\":\"https:\\\/\\\/ibiza-yachts.com\\\/fr\\\/\"},{\"@type\":\"ListItem\",\"position\":2,\"name\":\"Tenders\"}]},{\"@type\":\"WebSite\",\"@id\":\"https:\\\/\\\/ibiza-yachts.com\\\/fr\\\/#website\",\"url\":\"https:\\\/\\\/ibiza-yachts.com\\\/fr\\\/\",\"name\":\"Ibiza Yachts\",\"description\":\"Ibiza Yachts for Charter\",\"publisher\":{\"@id\":\"https:\\\/\\\/ibiza-yachts.com\\\/fr\\\/#organization\"},\"potentialAction\":[{\"@type\":\"SearchAction\",\"target\":{\"@type\":\"EntryPoint\",\"urlTemplate\":\"https:\\\/\\\/ibiza-yachts.com\\\/fr\\\/?s={search_term_string}\"},\"query-input\":{\"@type\":\"PropertyValueSpecification\",\"valueRequired\":true,\"valueName\":\"search_term_string\"}}],\"inLanguage\":\"fr-FR\"},{\"@type\":\"Organization\",\"@id\":\"https:\\\/\\\/ibiza-yachts.com\\\/fr\\\/#organization\",\"name\":\"Ibiza Yachts\",\"url\":\"https:\\\/\\\/ibiza-yachts.com\\\/fr\\\/\",\"logo\":{\"@type\":\"ImageObject\",\"inLanguage\":\"fr-FR\",\"@id\":\"https:\\\/\\\/ibiza-yachts.com\\\/fr\\\/#\\\/schema\\\/logo\\\/image\\\/\",\"url\":\"https:\\\/\\\/ibiza-yachts.com\\\/wp-content\\\/uploads\\\/2022\\\/01\\\/Cannes-Villa-Logo.jpg\",\"contentUrl\":\"https:\\\/\\\/ibiza-yachts.com\\\/wp-content\\\/uploads\\\/2022\\\/01\\\/Cannes-Villa-Logo.jpg\",\"width\":1704,\"height\":1704,\"caption\":\"Ibiza Yachts\"},\"image\":{\"@id\":\"https:\\\/\\\/ibiza-yachts.com\\\/fr\\\/#\\\/schema\\\/logo\\\/image\\\/\"}}]}<\/script>\n<!-- \/ Yoast SEO plugin. -->","yoast_head_json":{"title":"Superyacht Tenders \u00e0 louer \u00e0 St Tropez -% Ibiza Yachts.","description":"Location de Superyacht Tenders \u00e0 St Tropez pour la journ\u00e9e ! Parcourez nos tenders \u00e0 louer \u00e0 St Tropez et embarquez pour une croisi\u00e8re de luxe.","robots":{"index":"index","follow":"follow","max-snippet":"max-snippet:-1","max-image-preview":"max-image-preview:large","max-video-preview":"max-video-preview:-1"},"canonical":"https:\/\/ibiza-yachts.com\/fr\/appel-doffres\/","og_locale":"fr_FR","og_type":"article","og_title":"Superyacht Tenders \u00e0 louer \u00e0 St Tropez -% Ibiza Yachts.","og_description":"Location de Superyacht Tenders \u00e0 St Tropez pour la journ\u00e9e ! Parcourez nos tenders \u00e0 louer \u00e0 St Tropez et embarquez pour une croisi\u00e8re de luxe.","og_url":"https:\/\/ibiza-yachts.com\/fr\/appel-doffres\/","og_site_name":"Ibiza Yachts","article_modified_time":"2025-10-10T15:39:43+00:00","og_image":[{"width":720,"height":480,"url":"https:\/\/ibiza-yachts.com\/wp-content\/uploads\/2022\/02\/Wajer-38S-in-St-Tropez-1.jpeg","type":"image\/jpeg"}],"twitter_card":"summary_large_image","twitter_misc":{"Dur\u00e9e de lecture estim\u00e9e":"1 minute"},"schema":{"@context":"https:\/\/schema.org","@graph":[{"@type":"WebPage","@id":"https:\/\/ibiza-yachts.com\/fr\/appel-doffres\/","url":"https:\/\/ibiza-yachts.com\/fr\/appel-doffres\/","name":"Superyacht Tenders \u00e0 louer \u00e0 St Tropez -% Ibiza Yachts.","isPartOf":{"@id":"https:\/\/ibiza-yachts.com\/fr\/#website"},"primaryImageOfPage":{"@id":"https:\/\/ibiza-yachts.com\/fr\/appel-doffres\/#primaryimage"},"image":{"@id":"https:\/\/ibiza-yachts.com\/fr\/appel-doffres\/#primaryimage"},"thumbnailUrl":"https:\/\/ibiza-yachts.com\/wp-content\/uploads\/2022\/02\/Wajer-38S-in-St-Tropez-1.jpeg","datePublished":"2023-11-11T10:02:54+00:00","dateModified":"2025-10-10T15:39:43+00:00","description":"Location de Superyacht Tenders \u00e0 St Tropez pour la journ\u00e9e ! Parcourez nos tenders \u00e0 louer \u00e0 St Tropez et embarquez pour une croisi\u00e8re de luxe.","breadcrumb":{"@id":"https:\/\/ibiza-yachts.com\/fr\/appel-doffres\/#breadcrumb"},"inLanguage":"fr-FR","potentialAction":[{"@type":"ReadAction","target":["https:\/\/ibiza-yachts.com\/fr\/appel-doffres\/"]}]},{"@type":"ImageObject","inLanguage":"fr-FR","@id":"https:\/\/ibiza-yachts.com\/fr\/appel-doffres\/#primaryimage","url":"https:\/\/ibiza-yachts.com\/wp-content\/uploads\/2022\/02\/Wajer-38S-in-St-Tropez-1.jpeg","contentUrl":"https:\/\/ibiza-yachts.com\/wp-content\/uploads\/2022\/02\/Wajer-38S-in-St-Tropez-1.jpeg","width":720,"height":480},{"@type":"BreadcrumbList","@id":"https:\/\/ibiza-yachts.com\/fr\/appel-doffres\/#breadcrumb","itemListElement":[{"@type":"ListItem","position":1,"name":"Home","item":"https:\/\/ibiza-yachts.com\/fr\/"},{"@type":"ListItem","position":2,"name":"Tenders"}]},{"@type":"WebSite","@id":"https:\/\/ibiza-yachts.com\/fr\/#website","url":"https:\/\/ibiza-yachts.com\/fr\/","name":"Ibiza Yachts","description":"Ibiza Yachts for Charter","publisher":{"@id":"https:\/\/ibiza-yachts.com\/fr\/#organization"},"potentialAction":[{"@type":"SearchAction","target":{"@type":"EntryPoint","urlTemplate":"https:\/\/ibiza-yachts.com\/fr\/?s={search_term_string}"},"query-input":{"@type":"PropertyValueSpecification","valueRequired":true,"valueName":"search_term_string"}}],"inLanguage":"fr-FR"},{"@type":"Organization","@id":"https:\/\/ibiza-yachts.com\/fr\/#organization","name":"Ibiza Yachts","url":"https:\/\/ibiza-yachts.com\/fr\/","logo":{"@type":"ImageObject","inLanguage":"fr-FR","@id":"https:\/\/ibiza-yachts.com\/fr\/#\/schema\/logo\/image\/","url":"https:\/\/ibiza-yachts.com\/wp-content\/uploads\/2022\/01\/Cannes-Villa-Logo.jpg","contentUrl":"https:\/\/ibiza-yachts.com\/wp-content\/uploads\/2022\/01\/Cannes-Villa-Logo.jpg","width":1704,"height":1704,"caption":"Ibiza Yachts"},"image":{"@id":"https:\/\/ibiza-yachts.com\/fr\/#\/schema\/logo\/image\/"}}]}},"distributor_meta":false,"distributor_terms":false,"distributor_media":false,"distributor_original_site_name":"Ibiza Yachts","distributor_original_site_url":"https:\/\/ibiza-yachts.com\/fr\/","push-errors":false,"_links":{"self":[{"href":"https:\/\/ibiza-yachts.com\/fr\/wp-json\/wp\/v2\/pages\/11117","targetHints":{"allow":["GET"]}}],"collection":[{"href":"https:\/\/ibiza-yachts.com\/fr\/wp-json\/wp\/v2\/pages"}],"about":[{"href":"https:\/\/ibiza-yachts.com\/fr\/wp-json\/wp\/v2\/types\/page"}],"author":[{"embeddable":true,"href":"https:\/\/ibiza-yachts.com\/fr\/wp-json\/wp\/v2\/users\/3"}],"replies":[{"embeddable":true,"href":"https:\/\/ibiza-yachts.com\/fr\/wp-json\/wp\/v2\/comments?post=11117"}],"version-history":[{"count":0,"href":"https:\/\/ibiza-yachts.com\/fr\/wp-json\/wp\/v2\/pages\/11117\/revisions"}],"wp:featuredmedia":[{"embeddable":true,"href":"https:\/\/ibiza-yachts.com\/fr\/wp-json\/wp\/v2\/media\/10111"}],"wp:attachment":[{"href":"https:\/\/ibiza-yachts.com\/fr\/wp-json\/wp\/v2\/media?parent=11117"}],"curies":[{"name":"wp","href":"https:\/\/api.w.org\/{rel}","templated":true}]}}